{"id":2309,"date":"2021-06-27T18:17:35","date_gmt":"2021-06-27T16:17:35","guid":{"rendered":"http:\/\/photoclublge.fr\/WP\/?page_id=2309"},"modified":"2026-01-31T21:09:02","modified_gmt":"2026-01-31T20:09:02","slug":"accueil-3","status":"publish","type":"page","link":"https:\/\/photoclubibmca.fr\/WP\/","title":{"rendered":"Accueil"},"content":{"rendered":"\n<p class=\"has-text-align-center has-normal-font-size\"><b>Bienvenue sur le site du Photo Club IBM C\u00f4te-d&rsquo;Azur.<\/b><br>L&rsquo;agenda du club est mis \u00e0 jour r\u00e9guli\u00e8rement, il est accessible aux membres pour les r\u00e9unions<br>et les ateliers \u00e0 venir. Il faut \u00eatre connect\u00e9 pour y acc\u00e9der.<br>Le <a href=\"https:\/\/photoclubibmca.fr\/WP\/contact\/\">formulaire de contact<\/a>&nbsp;est \u00e0 votre disposition pour vos remarques ou suggestions.<br>Nous vous souhaitons bonne visite !<br><span style=\"color: #ff6600;\"><em>Certaines pages ou liens du site ne sont accessibles qu&rsquo;aux adh\u00e9rents apr\u00e8s connexion..<\/em><\/span><\/p>\n\n\n\n<hr class=\"wp-block-separator has-css-opacity\"\/>\n\n\n\n<div class=\"add_posts\"><a class=\"post-thumb alignleft\" style=\"float:left; margin-right:15px; clear:both;\" href=\"https:\/\/photoclubibmca.fr\/WP\/exposition-ia-waiff-cannes-le-cinema-vu-au-travers-de-lia\/ \"><\/a><div class=\"add_posts_content\" style=\"clear:both;\"><h2 class=\"title\" style=\"clear: none;\"><a href=\"https:\/\/photoclubibmca.fr\/WP\/exposition-ia-waiff-cannes-le-cinema-vu-au-travers-de-lia\/\">Exposition \u2013 IA - WAIFF Cannes \u2013 Le cin\u00e9ma vu au travers de l'IA<\/a><\/h2><div class=\"post-content\" style=\"clear:both\";><p><!-- wp:paragraph {\"align\":\"center\"} --><\/p>\n<p class=\"has-text-align-center\">Exposition les 21 et 22 avril \u00e0 l'Espace Miramar 35 Rue Pasteur \u00e0 Cannes dans le cadre du <a href=\"https:\/\/worldaifilmfestival.com\/fr\/\" target=\"_blank\" rel=\"noreferrer noopener\">WAiFF<\/a>.<br \/>Cr\u00e9ations du groupe <a href=\"https:\/\/photoclubibmca.fr\/WP\/generation-azur-ia\/\" target=\"_blank\" rel=\"noreferrer noopener\">G\u00e9n\u00e9ration Azur IA<\/a> du Photoclub IBM C\u00f4te d'Azur sur le th\u00e8me du cin\u00e9ma.<\/p>\n<p><!-- \/wp:paragraph --><\/p>\n<p><!-- wp:paragraph {\"align\":\"center\"} --><\/p>\n<p class=\"has-text-align-center\">Les membres du groupe, \u00e0 l\u2019invitation de la MIA - <a href=\"https:\/\/www.maison-intelligence-artificielle.com\/\" target=\"_blank\" rel=\"noreferrer noopener\">Maison de l\u2019Intelligence Artificielle<\/a> - , souhaitent vous proposer leur vision du th\u00e8me Cin\u00e9ma. Toutes\u00a0les\u00a0images pr\u00e9sent\u00e9es\u00a0sont des \u0153uvres num\u00e9riques originales cr\u00e9es\u00a0avec l'aide de\u00a0l\u2019Intelligence Artificielle G\u00e9n\u00e9rative par leurs auteurs pour refl\u00e9ter leur vision du th\u00e8me abord\u00e9.<\/p>\n<p><!-- \/wp:paragraph --><\/p>\n<p><!-- wp:paragraph {\"align\":\"center\"} --><\/p>\n<p class=\"has-text-align-center\">A vous de deviner lors de l'exposition les films, styles cin\u00e9matographiques ou lieux auxquels nos images font r\u00e9f\u00e9rence afin de c\u00e9l\u00e9brer avec nous le 7\u00e8me Art \u00e0 l\u2019occasion d\u2019\u00e9v\u00e8nements tels que le World AI Film Festival. <\/p>\n<p><!-- \/wp:paragraph --><\/p>\n<p><!-- wp:paragraph {\"align\":\"center\"} --><\/p>\n<p class=\"has-text-align-center\">Les 8 exposants\u00a0du groupe \u201cCr\u00e9ativit\u00e9 et IA\u2019\u2019\u00a0repr\u00e9sent\u00e9s vous remercient par avance de votre visite et esp\u00e8rent\u00a0que\u00a0leurs images vous auront touch\u00e9 et diverti :\u00a0<\/p>\n<p><!-- \/wp:paragraph --><\/p>\n<p><!-- wp:paragraph {\"align\":\"center\"} --><\/p>\n<p class=\"has-text-align-center\">Chantal De Narp, C\u00e9line Pierini, Yves Bonnet, Vincent Dessaint, Philippe Galazzo, Patrick Hanez, Frank Perez et Christophe Dentinger.<\/p>\n<p><!-- \/wp:paragraph --><\/p>\n<p><!-- wp:image {\"id\":18200,\"sizeSlug\":\"medium\",\"linkDestination\":\"media\",\"align\":\"center\"} --><\/p>\n<figure class=\"wp-block-image aligncenter size-medium\"><a href=\"https:\/\/photoclubibmca.fr\/WP\/wp-content\/uploads\/2026\/04\/image-5.png\"><img loading=\"lazy\" decoding=\"async\" width=\"384\" height=\"480\" src=\"https:\/\/photoclubibmca.fr\/WP\/wp-content\/uploads\/2026\/04\/image-5-384x480.png\" alt=\"\" class=\"wp-image-18200\" srcset=\"https:\/\/photoclubibmca.fr\/WP\/wp-content\/uploads\/2026\/04\/image-5-384x480.png 384w, https:\/\/photoclubibmca.fr\/WP\/wp-content\/uploads\/2026\/04\/image-5-819x1024.png 819w, https:\/\/photoclubibmca.fr\/WP\/wp-content\/uploads\/2026\/04\/image-5-768x961.png 768w, https:\/\/photoclubibmca.fr\/WP\/wp-content\/uploads\/2026\/04\/image-5-624x780.png 624w, https:\/\/photoclubibmca.fr\/WP\/wp-content\/uploads\/2026\/04\/image-5.png 1121w\" sizes=\"auto, (max-width: 384px) 100vw, 384px\" \/><\/a><\/figure>\n<p><!-- \/wp:image --><\/p>\n<p><!-- wp:image {\"id\":18202,\"sizeSlug\":\"full\",\"linkDestination\":\"none\",\"align\":\"center\"} --><\/p>\n<figure class=\"wp-block-image aligncenter size-full\"><img loading=\"lazy\" decoding=\"async\" width=\"111\" height=\"109\" src=\"https:\/\/photoclubibmca.fr\/WP\/wp-content\/uploads\/2026\/04\/image-6.png\" alt=\"\" class=\"wp-image-18202\" srcset=\"https:\/\/photoclubibmca.fr\/WP\/wp-content\/uploads\/2026\/04\/image-6.png 111w, https:\/\/photoclubibmca.fr\/WP\/wp-content\/uploads\/2026\/04\/image-6-60x60.png 60w\" sizes=\"auto, (max-width: 111px) 100vw, 111px\" \/><\/figure>\n<p><!-- \/wp:image --><\/p>\n <a href=\"https:\/\/photoclubibmca.fr\/WP\/exposition-ia-waiff-cannes-le-cinema-vu-au-travers-de-lia\/\" class=\"readmore\">Lire la suite<\/a><\/div><hr style=\"margin:10px 0\"><\/div><a class=\"post-thumb alignleft\" style=\"float:left; margin-right:15px; clear:both;\" href=\"https:\/\/photoclubibmca.fr\/WP\/exposition-valbonne-christophe-dentinger-carnets-de-voyage-en-terres-chimeriques\/ \"><\/a><div class=\"add_posts_content\" style=\"clear:both;\"><h2 class=\"title\" style=\"clear: none;\"><a href=\"https:\/\/photoclubibmca.fr\/WP\/exposition-valbonne-christophe-dentinger-carnets-de-voyage-en-terres-chimeriques\/\">Exposition \u2013 Valbonne \u2013 Christophe Dentinger \u2013 Carnets de Voyage en Terres Chim\u00e9riques<\/a><\/h2><div class=\"post-content\" style=\"clear:both\";><p><!-- wp:paragraph {\"align\":\"center\"} --><\/p>\n<p class=\"has-text-align-center\">En tant que membre du groupe <a href=\"https:\/\/photoclubibmca.fr\/WP\/generation-azur-ia\/\" target=\"_blank\" rel=\"noreferrer noopener\">G\u00e9n\u00e9ration Azur IA<\/a>, Christophe propose une nouvelle exposition d'Arts Num\u00e9riques (images, textes, animation cr\u00e9\u00e9s en collaboration avec les Intelligences Artificielles g\u00e9n\u00e9ratives). C'est \u00e0 Valbonne du 10 avril au 13 juillet du lundi au vendredi de 8h \u00e0 19h.<\/p>\n<p><!-- \/wp:paragraph --><\/p>\n<p><!-- wp:image {\"id\":18140,\"sizeSlug\":\"medium\",\"linkDestination\":\"media\",\"align\":\"center\"} --><\/p>\n<figure class=\"wp-block-image aligncenter size-medium\"><a href=\"https:\/\/photoclubibmca.fr\/WP\/wp-content\/uploads\/2026\/04\/image-4.png\"><img loading=\"lazy\" decoding=\"async\" width=\"480\" height=\"323\" src=\"https:\/\/photoclubibmca.fr\/WP\/wp-content\/uploads\/2026\/04\/image-4-480x323.png\" alt=\"\" class=\"wp-image-18140\" srcset=\"https:\/\/photoclubibmca.fr\/WP\/wp-content\/uploads\/2026\/04\/image-4-480x323.png 480w, https:\/\/photoclubibmca.fr\/WP\/wp-content\/uploads\/2026\/04\/image-4-1024x690.png 1024w, https:\/\/photoclubibmca.fr\/WP\/wp-content\/uploads\/2026\/04\/image-4-768x517.png 768w, https:\/\/photoclubibmca.fr\/WP\/wp-content\/uploads\/2026\/04\/image-4-1536x1034.png 1536w, https:\/\/photoclubibmca.fr\/WP\/wp-content\/uploads\/2026\/04\/image-4-624x420.png 624w, https:\/\/photoclubibmca.fr\/WP\/wp-content\/uploads\/2026\/04\/image-4.png 1920w\" sizes=\"auto, (max-width: 480px) 100vw, 480px\" \/><\/a><\/figure>\n<p><!-- \/wp:image --><\/p>\n<p><!-- wp:paragraph {\"align\":\"center\"} --><\/p>\n<p class=\"has-text-align-center\"><iframe><\/iframe><\/p>\n<p><!-- \/wp:paragraph --><\/p>\n <a href=\"https:\/\/photoclubibmca.fr\/WP\/exposition-valbonne-christophe-dentinger-carnets-de-voyage-en-terres-chimeriques\/\" class=\"readmore\">Lire la suite<\/a><\/div><hr style=\"margin:10px 0\"><\/div><a class=\"post-thumb alignleft\" style=\"float:left; margin-right:15px; clear:both;\" href=\"https:\/\/photoclubibmca.fr\/WP\/8e-festival-international-de-la-photo-surrealiste-et-creative-frejus-2026\/ \"><\/a><div class=\"add_posts_content\" style=\"clear:both;\"><h2 class=\"title\" style=\"clear: none;\"><a href=\"https:\/\/photoclubibmca.fr\/WP\/8e-festival-international-de-la-photo-surrealiste-et-creative-frejus-2026\/\">8e Festival International de la Photo Surr\u00e9aliste et Cr\u00e9ative - Fr\u00e9jus 2026<\/a><\/h2><div class=\"post-content\" style=\"clear:both\";><p><!-- wp:paragraph {\"align\":\"center\"} --><\/p>\n<p class=\"has-text-align-center\">Cette ann\u00e9e, le Festival aura lieu du 26 septembre au 4 octobre 2026 \u00e0 La Villa Aur\u00e9lienne de Fr\u00e9jus.<\/p>\n<p><!-- \/wp:paragraph --><\/p>\n<p><!-- wp:paragraph {\"align\":\"center\",\"style\":{\"color\":{\"text\":\"#ff0000\"},\"elements\":{\"link\":{\"color\":{\"text\":\"#ff0000\"}}}}} --><\/p>\n<p class=\"has-text-align-center has-text-color has-link-color\" style=\"color:#ff0000\"><strong>L'appel \u00e0 candidatures est ouvert. Date limite : 20 mai 2026<\/strong><\/p>\n<p><!-- \/wp:paragraph --><\/p>\n<p><!-- wp:paragraph {\"align\":\"center\"} --><\/p>\n<p class=\"has-text-align-center\">Toutes les informations - dossier de presse, r\u00e8glement et fiche de candidature - sont sur le site du <a href=\"https:\/\/www.festivalsurrealiste.com\/\"><strong>Festival<\/strong><\/a><\/p>\n<p><!-- \/wp:paragraph --><\/p>\n<p><!-- wp:image {\"id\":18132,\"sizeSlug\":\"medium\",\"linkDestination\":\"media\",\"align\":\"center\"} --><\/p>\n<figure class=\"wp-block-image aligncenter size-medium\"><a href=\"https:\/\/photoclubibmca.fr\/WP\/wp-content\/uploads\/2026\/04\/image-3.png\"><img loading=\"lazy\" decoding=\"async\" width=\"480\" height=\"205\" src=\"https:\/\/photoclubibmca.fr\/WP\/wp-content\/uploads\/2026\/04\/image-3-480x205.png\" alt=\"\" class=\"wp-image-18132\" srcset=\"https:\/\/photoclubibmca.fr\/WP\/wp-content\/uploads\/2026\/04\/image-3-480x205.png 480w, https:\/\/photoclubibmca.fr\/WP\/wp-content\/uploads\/2026\/04\/image-3-1024x437.png 1024w, https:\/\/photoclubibmca.fr\/WP\/wp-content\/uploads\/2026\/04\/image-3-768x328.png 768w, https:\/\/photoclubibmca.fr\/WP\/wp-content\/uploads\/2026\/04\/image-3-1536x656.png 1536w, https:\/\/photoclubibmca.fr\/WP\/wp-content\/uploads\/2026\/04\/image-3-624x266.png 624w, https:\/\/photoclubibmca.fr\/WP\/wp-content\/uploads\/2026\/04\/image-3.png 1640w\" sizes=\"auto, (max-width: 480px) 100vw, 480px\" \/><\/a><\/figure>\n<p><!-- \/wp:image --><\/p>\n <a href=\"https:\/\/photoclubibmca.fr\/WP\/8e-festival-international-de-la-photo-surrealiste-et-creative-frejus-2026\/\" class=\"readmore\">Lire la suite<\/a><\/div><hr style=\"margin:10px 0\"><\/div><a class=\"post-thumb alignleft\" style=\"float:left; margin-right:15px; clear:both;\" href=\"https:\/\/photoclubibmca.fr\/WP\/3eme-edition-photobiot\/ \"><\/a><div class=\"add_posts_content\" style=\"clear:both;\"><h2 class=\"title\" style=\"clear: none;\"><a href=\"https:\/\/photoclubibmca.fr\/WP\/3eme-edition-photobiot\/\">3eme Edition - PhotoBiot<\/a><\/h2><div class=\"post-content\" style=\"clear:both\";><p><!-- wp:paragraph {\"align\":\"center\"} --><\/p>\n<p class=\"has-text-align-center\">La troisi\u00e8me \u00e9dition du Festival photographique PhotoBiot sur le th\u00e8me de \"la Photo Urbaine\" aura lieu du 24 octobre au 1er novembre 2026. Les candidatures sont ouvertes (Date limite : Individuelle : 30 juin 2026 &amp; Club : 31 mai 2026)<\/p>\n<p><!-- \/wp:paragraph --><\/p>\n<p><!-- wp:paragraph {\"align\":\"center\"} --><\/p>\n<p class=\"has-text-align-center\">Plus d'informations, cliquer sur l'image (\u00e9galement sur la page Facebook du groupe du <a href=\"https:\/\/www.facebook.com\/groups\/1009332569172874\" target=\"_blank\" rel=\"noreferrer noopener\">Photo Club Biotois<\/a>).<\/p>\n<p><!-- \/wp:paragraph --><\/p>\n<p><!-- wp:image {\"lightbox\":{\"enabled\":false},\"id\":18061,\"sizeSlug\":\"medium\",\"linkDestination\":\"custom\",\"align\":\"center\"} --><\/p>\n<figure class=\"wp-block-image aligncenter size-medium\"><a href=\"https:\/\/www.associationphoton.com\/biot\" target=\"_blank\" rel=\" noreferrer noopener\"><img loading=\"lazy\" decoding=\"async\" width=\"340\" height=\"480\" src=\"https:\/\/photoclubibmca.fr\/WP\/wp-content\/uploads\/2026\/03\/image-2-340x480.png\" alt=\"\" class=\"wp-image-18061\" title=\"Cliquez pour plus d'infos !\" srcset=\"https:\/\/photoclubibmca.fr\/WP\/wp-content\/uploads\/2026\/03\/image-2-340x480.png 340w, https:\/\/photoclubibmca.fr\/WP\/wp-content\/uploads\/2026\/03\/image-2-725x1024.png 725w, https:\/\/photoclubibmca.fr\/WP\/wp-content\/uploads\/2026\/03\/image-2-768x1085.png 768w, https:\/\/photoclubibmca.fr\/WP\/wp-content\/uploads\/2026\/03\/image-2-624x882.png 624w, https:\/\/photoclubibmca.fr\/WP\/wp-content\/uploads\/2026\/03\/image-2.png 808w\" sizes=\"auto, (max-width: 340px) 100vw, 340px\" \/><\/a><\/figure>\n<p><!-- \/wp:image --><\/p>\n <a href=\"https:\/\/photoclubibmca.fr\/WP\/3eme-edition-photobiot\/\" class=\"readmore\">Lire la suite<\/a><\/div><hr style=\"margin:10px 0\"><\/div><a class=\"post-thumb alignleft\" style=\"float:left; margin-right:15px; clear:both;\" href=\"https:\/\/photoclubibmca.fr\/WP\/openeye-vient-de-paraitre\/ \"><\/a><div class=\"add_posts_content\" style=\"clear:both;\"><h2 class=\"title\" style=\"clear: none;\"><a href=\"https:\/\/photoclubibmca.fr\/WP\/openeye-vient-de-paraitre\/\">OpenEye - le num\u00e9ro 44 est paru !<\/a><\/h2><div class=\"post-content\" style=\"clear:both\";><p><!-- wp:paragraph {\"align\":\"center\"} --><\/p>\n<p class=\"has-text-align-center\">Le num\u00e9ro de mars-avril-mai est \u00e0 d\u00e9couvrir sur la page du <a href=\"https:\/\/openeyelemagazine.fr\/\" target=\"_blank\" rel=\"noreferrer noopener\">magazine OPENEYE<\/a><br \/>ou en cliquant sur l'image de couverture :<\/p>\n<p><!-- \/wp:paragraph --><\/p>\n<p><!-- wp:image {\"lightbox\":{\"enabled\":false},\"id\":18010,\"sizeSlug\":\"medium\",\"linkDestination\":\"custom\",\"align\":\"center\"} --><\/p>\n<figure class=\"wp-block-image aligncenter size-medium\"><a href=\"https:\/\/www.calameo.com\/read\/005143405fbaffffc09ca\" target=\"_blank\" rel=\" noreferrer noopener\"><img loading=\"lazy\" decoding=\"async\" width=\"336\" height=\"480\" src=\"https:\/\/photoclubibmca.fr\/WP\/wp-content\/uploads\/2025\/12\/image-4-336x480.png\" alt=\"\" class=\"wp-image-18010\" title=\"Cliquer pour agrandir\" srcset=\"https:\/\/photoclubibmca.fr\/WP\/wp-content\/uploads\/2025\/12\/image-4-336x480.png 336w, https:\/\/photoclubibmca.fr\/WP\/wp-content\/uploads\/2025\/12\/image-4-718x1024.png 718w, https:\/\/photoclubibmca.fr\/WP\/wp-content\/uploads\/2025\/12\/image-4-768x1096.png 768w, https:\/\/photoclubibmca.fr\/WP\/wp-content\/uploads\/2025\/12\/image-4-624x891.png 624w, https:\/\/photoclubibmca.fr\/WP\/wp-content\/uploads\/2025\/12\/image-4.png 803w\" sizes=\"auto, (max-width: 336px) 100vw, 336px\" \/><\/a><\/figure>\n<p><!-- \/wp:image --><\/p>\n<p><!-- wp:paragraph {\"align\":\"center\"} --><\/p>\n<p class=\"has-text-align-center\">Si vous aimez, soutenez ce webzine et <strong>abonnez-vous<\/strong> - c'est gratuit - en laissant votre adresse mail \u00e0 l'adresse de contact&nbsp;<strong><a href=\"mailto:contact@openeye.fr\">contact@openeye.fr<\/a><\/strong><\/p>\n<p><!-- \/wp:paragraph --><\/p>\n<p><!-- wp:paragraph {\"align\":\"center\"} --><\/p>\n<p class=\"has-text-align-center\">Retrouvez tous les num\u00e9ros d\u00e9j\u00e0 parus&nbsp;<a href=\"https:\/\/openeyelemagazine.fr\/le-magazine\/\" target=\"_blank\" rel=\"noreferrer noopener\"><strong>ici<\/strong><\/a> sur le site d'OPEN<em>EYE<\/em>... ou dans l'<a href=\"https:\/\/photoclubibmca.fr\/WP\/openeye-webzine\/\" target=\"_blank\" rel=\"noreferrer noopener\">article consacr\u00e9 au magazine<\/a>.<\/p>\n<p><!-- \/wp:paragraph --><\/p>\n <a href=\"https:\/\/photoclubibmca.fr\/WP\/openeye-vient-de-paraitre\/\" class=\"readmore\">Lire la suite<\/a><\/div><hr style=\"margin:10px 0\"><\/div><a class=\"post-thumb alignleft\" style=\"float:left; margin-right:15px; clear:both;\" href=\"https:\/\/photoclubibmca.fr\/WP\/exposition-mougins-le-spectaculaire-a-lepreuve-de-la-matiere\/ \"><\/a><div class=\"add_posts_content\" style=\"clear:both;\"><h2 class=\"title\" style=\"clear: none;\"><a href=\"https:\/\/photoclubibmca.fr\/WP\/exposition-mougins-le-spectaculaire-a-lepreuve-de-la-matiere\/\">Exposition \u2013 Mougins \u2013 Le spectaculaire \u00e0 l\u2019\u00e9preuve de la mati\u00e8re<\/a><\/h2><div class=\"post-content\" style=\"clear:both\";><p><!-- wp:paragraph {\"align\":\"center\"} --><\/p>\n<p class=\"has-text-align-center\"><a href=\"https:\/\/www.facebook.com\/reel\/2316483815430573\" target=\"_blank\" rel=\"noreferrer noopener\"><iframe loading=\"lazy\" src=\"https:\/\/www.facebook.com\/plugins\/video.php?height=476&amp;href=https%3A%2F%2Fwww.facebook.com%2Freel%2F2316483815430573%2F&amp;show_text=false&amp;width=380&amp;t=0\" width=\"380\" height=\"476\" style=\"border:none;overflow:hidden\" scrolling=\"no\" frameborder=\"0\" allowfullscreen=\"true\" allow=\"autoplay; clipboard-write; encrypted-media; picture-in-picture; web-share\"><\/iframe><\/a><\/p>\n<p><!-- \/wp:paragraph --><\/p>\n<p><!-- wp:paragraph {\"align\":\"center\"} --><\/p>\n<p class=\"has-text-align-center\">Vernissage le 20 f\u00e9vrier \u00e0 partir de 18:30<\/p>\n<p><!-- \/wp:paragraph --><\/p>\n<p><!-- wp:paragraph {\"align\":\"center\"} --><\/p>\n<p class=\"has-text-align-center\">Exposition du 21 f\u00e9vrier au 7 juin 2026<\/p>\n<p><!-- \/wp:paragraph --><\/p>\n<p><!-- wp:paragraph {\"align\":\"center\"} --><\/p>\n<p class=\"has-text-align-center\">Plus d'infos sur le site du <a href=\"https:\/\/centrephotographiemougins.com\/les-expositions\/\" target=\"_blank\" rel=\"noreferrer noopener\"><strong>Centre de la Photographie de Mougins<\/strong><\/a><\/p>\n<p><!-- \/wp:paragraph --><\/p>\n <a href=\"https:\/\/photoclubibmca.fr\/WP\/exposition-mougins-le-spectaculaire-a-lepreuve-de-la-matiere\/\" class=\"readmore\">Lire la suite<\/a><\/div><hr style=\"margin:10px 0\"><\/div><a class=\"post-thumb alignleft\" style=\"float:left; margin-right:15px; clear:both;\" href=\"https:\/\/photoclubibmca.fr\/WP\/les-photographes-du-club-sont-a-lhonneur\/ \"><\/a><div class=\"add_posts_content\" style=\"clear:both;\"><h2 class=\"title\" style=\"clear: none;\"><a href=\"https:\/\/photoclubibmca.fr\/WP\/les-photographes-du-club-sont-a-lhonneur\/\">Les photographes du club sont \u00e0 l'honneur !<\/a><\/h2><div class=\"post-content\" style=\"clear:both\";><p><!-- wp:paragraph {\"align\":\"center\"} --><\/p>\n<p class=\"has-text-align-center\">Les photographes du club \u00e0 l'honneur ! Que ce soit en participation club ou en individuel, elles et ils m\u00e9ritent quelques lignes illustrant leur travail.  <\/p>\n<p><!-- \/wp:paragraph --><\/p>\n<p><!-- wp:paragraph {\"align\":\"center\"} --><\/p>\n<p class=\"has-text-align-center\"><strong>==== Ao\u00fbt 2025 ====<\/strong><\/p>\n<p><!-- \/wp:paragraph --><\/p>\n<p><!-- wp:image {\"id\":17576,\"sizeSlug\":\"medium\",\"linkDestination\":\"media\",\"align\":\"center\"} --><\/p>\n<figure class=\"wp-block-image aligncenter size-medium\"><a href=\"https:\/\/photoclubibmca.fr\/WP\/wp-content\/uploads\/2025\/02\/Patrick-Hanez-2ieme-prix-002.jpg\"><img loading=\"lazy\" decoding=\"async\" width=\"480\" height=\"348\" src=\"https:\/\/photoclubibmca.fr\/WP\/wp-content\/uploads\/2025\/02\/Patrick-Hanez-2ieme-prix-002-480x348.jpg\" alt=\"\" class=\"wp-image-17576\" srcset=\"https:\/\/photoclubibmca.fr\/WP\/wp-content\/uploads\/2025\/02\/Patrick-Hanez-2ieme-prix-002-480x348.jpg 480w, https:\/\/photoclubibmca.fr\/WP\/wp-content\/uploads\/2025\/02\/Patrick-Hanez-2ieme-prix-002-1024x743.jpg 1024w, https:\/\/photoclubibmca.fr\/WP\/wp-content\/uploads\/2025\/02\/Patrick-Hanez-2ieme-prix-002-768x558.jpg 768w, https:\/\/photoclubibmca.fr\/WP\/wp-content\/uploads\/2025\/02\/Patrick-Hanez-2ieme-prix-002-624x453.jpg 624w, https:\/\/photoclubibmca.fr\/WP\/wp-content\/uploads\/2025\/02\/Patrick-Hanez-2ieme-prix-002.jpg 1080w\" sizes=\"auto, (max-width: 480px) 100vw, 480px\" \/><\/a><\/figure>\n<p><!-- \/wp:image --><\/p>\n<p><!-- wp:paragraph {\"align\":\"center\"} --><\/p>\n<p class=\"has-text-align-center\">Patrick Hanez d\u00e9croche le 2e prix au 15e Festival Photographique de Roquebrune-sur-Argens<\/p>\n<p><!-- \/wp:paragraph --><\/p>\n<p><!-- wp:paragraph {\"align\":\"center\"} --><\/p>\n<p class=\"has-text-align-center\"><strong>==== F\u00e9vrier 2025 ====<\/strong><\/p>\n<p><!-- \/wp:paragraph --><\/p>\n<p><!-- wp:image {\"id\":16919,\"sizeSlug\":\"medium\",\"linkDestination\":\"media\",\"align\":\"center\"} --><\/p>\n<figure class=\"wp-block-image aligncenter size-medium\"><a href=\"https:\/\/photoclubibmca.fr\/WP\/wp-content\/uploads\/2024\/01\/image-12.png\"><img loading=\"lazy\" decoding=\"async\" width=\"181\" height=\"300\" src=\"https:\/\/photoclubibmca.fr\/WP\/wp-content\/uploads\/2024\/01\/image-12-181x300.png\" alt=\"\" class=\"wp-image-16919\" srcset=\"https:\/\/photoclubibmca.fr\/WP\/wp-content\/uploads\/2024\/01\/image-12-181x300.png 181w, https:\/\/photoclubibmca.fr\/WP\/wp-content\/uploads\/2024\/01\/image-12-618x1024.png 618w, https:\/\/photoclubibmca.fr\/WP\/wp-content\/uploads\/2024\/01\/image-12-768x1274.png 768w, https:\/\/photoclubibmca.fr\/WP\/wp-content\/uploads\/2024\/01\/image-12-926x1536.png 926w, https:\/\/photoclubibmca.fr\/WP\/wp-content\/uploads\/2024\/01\/image-12-624x1035.png 624w, https:\/\/photoclubibmca.fr\/WP\/wp-content\/uploads\/2024\/01\/image-12.png 1235w\" sizes=\"auto, (max-width: 181px) 100vw, 181px\" \/><\/a><\/figure>\n<p><!-- \/wp:image --><\/p>\n<p><!-- wp:paragraph {\"align\":\"center\"} --><\/p>\n<p class=\"has-text-align-center\">Article dans le France Photographie (FPF)<\/p>\n<p><!-- \/wp:paragraph --><\/p>\n<p><!-- wp:image {\"id\":16927,\"sizeSlug\":\"medium\",\"linkDestination\":\"media\",\"align\":\"center\"} --><\/p>\n<figure class=\"wp-block-image aligncenter size-medium\"><a href=\"https:\/\/photoclubibmca.fr\/WP\/wp-content\/uploads\/2025\/02\/image-3.png\"><img loading=\"lazy\" decoding=\"async\" width=\"277\" height=\"300\" src=\"https:\/\/photoclubibmca.fr\/WP\/wp-content\/uploads\/2025\/02\/image-3-277x300.png\" alt=\"\" class=\"wp-image-16927\" srcset=\"https:\/\/photoclubibmca.fr\/WP\/wp-content\/uploads\/2025\/02\/image-3-277x300.png 277w, https:\/\/photoclubibmca.fr\/WP\/wp-content\/uploads\/2025\/02\/image-3-946x1024.png 946w, https:\/\/photoclubibmca.fr\/WP\/wp-content\/uploads\/2025\/02\/image-3-768x831.png 768w, https:\/\/photoclubibmca.fr\/WP\/wp-content\/uploads\/2025\/02\/image-3-624x675.png 624w, https:\/\/photoclubibmca.fr\/WP\/wp-content\/uploads\/2025\/02\/image-3.png 1370w\" sizes=\"auto, (max-width: 277px) 100vw, 277px\" \/><\/a><\/figure>\n<p><!-- \/wp:image --><\/p>\n<p><!-- wp:paragraph {\"align\":\"center\"} --><\/p>\n<p class=\"has-text-align-center\">Article dans Nice Matin (WAICF Cannes 2025, section Cr\u00e9ativit\u00e9 et IA du Photoclub)<\/p>\n<p><!-- \/wp:paragraph --><\/p>\n<p><!-- wp:more --><\/p>\n <a href=\"https:\/\/photoclubibmca.fr\/WP\/les-photographes-du-club-sont-a-lhonneur\/\" class=\"readmore\">Lire la suite<\/a><\/div><hr style=\"margin:10px 0\"><\/div><\/div><div style=\"clear: both;\"><\/div>\n","protected":false},"excerpt":{"rendered":"<p>Bienvenue sur le site du Photo Club IBM C\u00f4te-d&rsquo;Azur.L&rsquo;agenda du club est mis \u00e0 jour r\u00e9guli\u00e8rement, il est accessible aux membres pour les r\u00e9unionset les ateliers \u00e0 venir. Il faut&#8230; <a href=\"https:\/\/photoclubibmca.fr\/WP\/\">Read more &raquo;<\/a><\/p>\n","protected":false},"author":79,"featured_media":0,"parent":0,"menu_order":0,"comment_status":"closed","ping_status":"closed","template":"","meta":{"ngg_post_thumbnail":0,"footnotes":""},"class_list":["post-2309","page","type-page","status-publish","hentry"],"_links":{"self":[{"href":"https:\/\/photoclubibmca.fr\/WP\/wp-json\/wp\/v2\/pages\/2309","targetHints":{"allow":["GET"]}}],"collection":[{"href":"https:\/\/photoclubibmca.fr\/WP\/wp-json\/wp\/v2\/pages"}],"about":[{"href":"https:\/\/photoclubibmca.fr\/WP\/wp-json\/wp\/v2\/types\/page"}],"author":[{"embeddable":true,"href":"https:\/\/photoclubibmca.fr\/WP\/wp-json\/wp\/v2\/users\/79"}],"replies":[{"embeddable":true,"href":"https:\/\/photoclubibmca.fr\/WP\/wp-json\/wp\/v2\/comments?post=2309"}],"version-history":[{"count":5,"href":"https:\/\/photoclubibmca.fr\/WP\/wp-json\/wp\/v2\/pages\/2309\/revisions"}],"predecessor-version":[{"id":17935,"href":"https:\/\/photoclubibmca.fr\/WP\/wp-json\/wp\/v2\/pages\/2309\/revisions\/17935"}],"wp:attachment":[{"href":"https:\/\/photoclubibmca.fr\/WP\/wp-json\/wp\/v2\/media?parent=2309"}],"curies":[{"name":"wp","href":"https:\/\/api.w.org\/{rel}","templated":true}]}}