{"id":227,"date":"2016-03-07T18:52:28","date_gmt":"2016-03-07T17:52:28","guid":{"rendered":"http:\/\/photoclublge.fr\/WP\/?page_id=227"},"modified":"2025-05-23T15:27:48","modified_gmt":"2025-05-23T13:27:48","slug":"liens","status":"publish","type":"page","link":"https:\/\/photoclubibmca.fr\/WP\/liens\/","title":{"rendered":"Liens"},"content":{"rendered":"<p><strong>Clubs<\/strong><br \/>\n<ul class=\"simple-links-list\" ><li class=\"simple-links-item simple-links-shortcode-item\" id=\"link-221\"><a href=\"http:\/\/www.azurphotopassion.asso.st\/\" title=\"Club de passionn\u00e9s de photographie \u00e0 La Colle-sur-Loup.\" target=\"_blank\" >Azur Photo Passion<\/a>- <span class=\"link-description\">Club de passionn\u00e9s de photographie \u00e0 La Colle-sur-Loup.<\/span><\/li><li class=\"simple-links-item simple-links-shortcode-item\" id=\"link-219\"><a href=\"http:\/\/photoclublagaude.com\/\" title=\"Le Photo Club La Gaude est une association cr\u00e9\u00e9e en 2008 qui a \u00e9t\u00e9 fond\u00e9e pour r\u00e9pondre \u00e0 un important besoin d\u2019\u00e9change artistique et technique, suite \u00e0 un engouement tr\u00e8s fort pour la photographie num\u00e9rique.\" target=\"_blank\" >Photo Club La Gaude<\/a>- <span class=\"link-description\">Le Photo Club La Gaude est une association cr\u00e9\u00e9e en 2008 qui a \u00e9t\u00e9 fond\u00e9e pour r\u00e9pondre \u00e0 un important besoin d\u2019\u00e9change artistique et technique, suite \u00e0 un engouement tr\u00e8s fort pour la photographie num\u00e9rique.<\/span><\/li><li class=\"simple-links-item simple-links-shortcode-item\" id=\"link-1531\"><a href=\"http:\/\/www.photomenton.com\" title=\"L&#039;association PhotoMenton participe activement \u00e0 la promotion de la photographie et soutient diverses associations caritatives. Elle a organis\u00e9 - depuis 2005 et jusqu&#039;en 2022 - l&#039;un des gros \u00e9v\u00e9nements photographiques de la r\u00e9gion chaque ann\u00e9e \u00e0 l&#039;automne.\r\n\r\nFacebook: @photomenton\" target=\"_blank\" >PhotoMenton<\/a>- <span class=\"link-description\">L'association PhotoMenton participe activement \u00e0 la promotion de la photographie et soutient diverses associations caritatives. Elle a organis\u00e9 - depuis 2005 et jusqu'en 2022 - l'un des gros \u00e9v\u00e9nements photographiques de la r\u00e9gion chaque ann\u00e9e \u00e0 l'automne.\r\n\r\nFacebook: <a href=\"https:\/\/www.facebook.com\/photomenton\/#\" target=\"_blank\" rel=\"noopener\">@photomenton<\/a><\/span><\/li><li class=\"simple-links-item simple-links-shortcode-item\" id=\"link-223\"><a href=\"http:\/\/www.associationphoton.com\/\" title=\"Collectif photographique ni\u00e7ois.\r\nPHOTON est une association loi 1901, de photographes des Alpes Maritimes, cr\u00e9\u00e9e en Octobre 2004. Ce collectif se fixe comme objectif la promotion des photographes r\u00e9gionaux en les aidant \u00e0 r\u00e9aliser et \u00e0 diffuser leurs travaux par le biais de parcours d\u2019expositions personnelles dans des lieux commerciaux, associatifs ou culturels et de manifestations collectives de nature \u00e9v\u00e8nementielle. A travers ces actions, PHOTON cherche \u00e0 susciter des rencontres et des \u00e9changes entre les photographes et un public diff\u00e9rent et vari\u00e9.\r\n\r\n&nbsp;\r\n\r\nFacebook : @collectifphoton\r\n\r\nBlog : https:\/\/collectifphoton.blogspot.com\/&nbsp;\" target=\"_blank\" >Photon<\/a>- <span class=\"link-description\">Collectif photographique ni\u00e7ois.\r\nPHOTON est une association loi 1901, de photographes des Alpes Maritimes, cr\u00e9\u00e9e en Octobre 2004. Ce collectif se fixe comme objectif la promotion des photographes r\u00e9gionaux en les aidant \u00e0 r\u00e9aliser et \u00e0 diffuser leurs travaux par le biais de parcours d\u2019expositions personnelles dans des lieux commerciaux, associatifs ou culturels et de manifestations collectives de nature \u00e9v\u00e8nementielle. A travers ces actions, PHOTON cherche \u00e0 susciter des rencontres et des \u00e9changes entre les photographes et un public diff\u00e9rent et vari\u00e9.\r\n\r\n&nbsp;\r\n\r\nFacebook : <a href=\"https:\/\/www.facebook.com\/collectifphoton\" target=\"_blank\" rel=\"noopener\">@collectifphoton<\/a>\r\n\r\nBlog : <a href=\"https:\/\/collectifphoton.blogspot.com\/\" target=\"_blank\" rel=\"noopener\">https:\/\/collectifphoton.blogspot.com\/<\/a>&nbsp;<\/span><\/li><li class=\"simple-links-item simple-links-shortcode-item\" id=\"link-1302\"><a href=\"http:\/\/photoclub-ibm.fr\/\" title=\"Informations, r\u00e8glement du concours interne, r\u00e9sultats, photos prim\u00e9es ... Tout y est ou y sera !\" target=\"_blank\" >Site Interclubs - le site des clubs photo IBM<\/a>- <span class=\"link-description\">Informations, r\u00e8glement du concours interne, r\u00e9sultats, photos prim\u00e9es ... Tout y est ou y sera !<\/span><\/li><\/ul><!-- End .simple-links-list --><\/p>\n<p><strong>Photographes<\/strong><br \/>\n<ul class=\"simple-links-list\" ><li class=\"simple-links-item simple-links-shortcode-item\" id=\"link-1304\"><a href=\"https:\/\/www.da-focus.com\/blog\" title=\"Dominique Agius est un photographe ni\u00e7ois et un artiste de la lumi\u00e8re. Il propose r\u00e9guli\u00e8rement des formations photo en studio (portrait, gestion de la lumi\u00e8re, nu en clair obscur, ...)\r\n\r\nFacebook :\u00a0@DAFOCUS06\u00a0et\u00a0@studiophoto402\" target=\"_blank\" >DA-FOCUS<\/a>- <span class=\"link-description\">Dominique Agius est un photographe ni\u00e7ois et un artiste de la lumi\u00e8re. Il propose r\u00e9guli\u00e8rement des formations photo en studio (portrait, gestion de la lumi\u00e8re, nu en clair obscur, ...)<br>\r\n\r\nFacebook :\u00a0<a id=\"js_9p\" class=\"_2wmb\" style=\"font-size: 1rem\" href=\"https:\/\/www.facebook.com\/DAFOCUS06\/#\">@DAFOCUS06<\/a>\u00a0et\u00a0<a id=\"js_7l\" class=\"_2wmb\" style=\"font-size: 1rem\" href=\"https:\/\/www.facebook.com\/studiophoto402\/#\">@studiophoto402<\/a><\/span><\/li><li class=\"simple-links-item simple-links-shortcode-item\" id=\"link-225\"><a href=\"http:\/\/gabriel.fabre.free.fr\/\" title=\"N\u00e9 en 1967 \u00e0 Tokyo, il vit et travaille \u00e0 Cagnes-sur-mer\" target=\"_blank\" >Gabriel Fabre<\/a>- <span class=\"link-description\">N\u00e9 en 1967 \u00e0 Tokyo, il vit et travaille \u00e0 Cagnes-sur-mer<\/span><\/li><li class=\"simple-links-item simple-links-shortcode-item\" id=\"link-1306\"><a href=\"https:\/\/www.maf-regards.com\/\" title=\"MAF est une photographe ni\u00e7oise dont le regard nous interpelle. Ses noirs et blancs sont sublimes et souvent touchants.\r\n\r\nFacebook:\u00a0@mafregards\" target=\"_blank\" >MAF Regards<\/a>- <span class=\"link-description\">MAF est une photographe ni\u00e7oise dont le regard nous interpelle. Ses noirs et blancs sont sublimes et souvent touchants.<br>\r\n\r\nFacebook:\u00a0<a id=\"js_1b5\" class=\"_2wmb\" style=\"font-size: 1rem\" href=\"https:\/\/www.facebook.com\/mafregards\/#\">@mafregards<\/a><\/span><\/li><\/ul><!-- End .simple-links-list --><\/p>\n<p><strong>D\u00e9couverte<\/strong><br \/>\n<ul class=\"simple-links-list\" ><li class=\"simple-links-item simple-links-shortcode-item\" id=\"link-6030\"><a href=\"https:\/\/archive.rps.org\/archive\" title=\"Les Archives de la Revue Photo de 1853 \u00e0 nos jours (Acc\u00e8s libre et gratuit)\" target=\"_blank\" >Archives de la RPS - Royal Photographic Society<\/a>- <span class=\"link-description\">Les Archives de la Revue Photo de 1853 \u00e0 nos jours (Acc\u00e8s libre et gratuit)<\/span><\/li><\/ul><!-- End .simple-links-list --><\/p>\n<p><strong>Mat\u00e9riel<\/strong><br \/>\n<ul class=\"simple-links-list\" ><li class=\"simple-links-item simple-links-shortcode-item\" id=\"link-6360\"><a href=\"https:\/\/dofsimulator.net\/en\/\" title=\"Ce site (et application) calcule la profondeur de champ et simule le rendu de toute combinaison d&#039;objectif, appareil photo et distance.\" target=\"_blank\" >DOF Simulator -<\/a>- <span class=\"link-description\">Ce site (et application) calcule la profondeur de champ et simule le rendu de toute combinaison d'objectif, appareil photo et distance.<\/span><\/li><li class=\"simple-links-item simple-links-shortcode-item\" id=\"link-6038\"><a href=\"https:\/\/www.magiclantern.fm\/\" title=\"Un d\u00e9veloppement qui remplace le firmware d&#039;origine quand il est install\u00e9 sur une carte m\u00e9moire. Test\u00e9 et approuv\u00e9 !&nbsp;\" target=\"_blank\" >Magic Lantern - Canon geeks<\/a>- <span class=\"link-description\">Un d\u00e9veloppement qui remplace le firmware d'origine quand il est install\u00e9 sur une carte m\u00e9moire. Test\u00e9 et approuv\u00e9 !&nbsp;<\/span><\/li><li class=\"simple-links-item simple-links-shortcode-item\" id=\"link-2128\"><a href=\"https:\/\/photographylife.com\/recommended-canon-5d-mark-iv-settings\" title=\"En anglais - pour aller plus loin que la notice\" target=\"_blank\" >R\u00e9glages recommand\u00e9s du Canon EOD 5D Mark IV<\/a>- <span class=\"link-description\">En anglais - pour aller plus loin que la notice<\/span><\/li><\/ul><!-- End .simple-links-list --><\/p>\n<p><strong>Organismes et Partenaires<\/strong><br \/>\n<ul class=\"simple-links-list\" ><li class=\"simple-links-item simple-links-shortcode-item\" id=\"link-17317\"><a href=\"https:\/\/www.festivalsurrealiste.com\/\" title=\"Le Festival International de la Photographie Surr\u00e9aliste et Cr\u00e9ative est organis\u00e9 par l\u2019association CONCEPTALIA en partenariat avec la ville de FR\u00c9JUS et l\u2019association FORUM JULII PHOTO. Il offre carte blanche aux photographes amateurs et professionnels leur permettant d&#039;exprimer leur cr\u00e9ativit\u00e9 sur la base d&#039;une s\u00e9rie coh\u00e9rente de 3 \u00e0 6 photographies (photo cr\u00e9ative, montage, traitement).&nbsp;\" target=\"_blank\" >Festival de la Photographie Surr\u00e9aliste et Cr\u00e9ative<\/a>- <span class=\"link-description\"><span class=\"wixui-rich-text__text\" style=\"font-size: 1rem\">Le Festival International de la Photographie Surr\u00e9aliste et Cr\u00e9ative <\/span><span class=\"wixui-rich-text__text\" style=\"font-size: 1rem\">est organis\u00e9 par l\u2019association CONCEPTALIA en partenariat avec la ville de FR\u00c9JUS et l\u2019association FORUM JULII PHOTO. Il offre carte blanche aux photographes amateurs et professionnels leur permettant d'exprimer leur cr\u00e9ativit\u00e9 sur la base d'une s\u00e9rie coh\u00e9rente de 3 \u00e0 6 photographies (photo cr\u00e9ative, montage, traitement).&nbsp;<\/span><\/span><\/li><li class=\"simple-links-item simple-links-shortcode-item\" id=\"link-17314\"><a href=\"https:\/\/www.maison-intelligence-artificielle.com\" title=\"En Janvier 2025, le Photoclub a sign\u00e9 une convention pour un partenariat avec la Maison de l\u2019Intelligence Artificielle (M.I.A.) du d\u00e9partement des Alpes Maritimes.\r\n\r\nUn espace public consacr\u00e9 \u00e0 l&#039;IA - Intelligence Artificielle G\u00e9n\u00e9rative - et ses applications. Elle organise r\u00e9guli\u00e8rement des \u00e9v\u00e9nements qui s&#039;adressent aux particuliers, aux enseignants&nbsp; ou aux professionnels.&nbsp;\" target=\"_blank\" >M.I.A. - Maison de l'Intelligence Artificielle<\/a>- <span class=\"link-description\">En Janvier 2025, le Photoclub a sign\u00e9 une convention pour un partenariat avec la Maison de l\u2019Intelligence Artificielle (M.I.A.) du d\u00e9partement des Alpes Maritimes.\r\n\r\nUn espace public consacr\u00e9 \u00e0 l'IA - Intelligence Artificielle G\u00e9n\u00e9rative - et ses applications. Elle organise r\u00e9guli\u00e8rement des \u00e9v\u00e9nements qui s'adressent aux particuliers, aux enseignants&nbsp; ou aux professionnels.&nbsp;<\/span><\/li><\/ul><!-- End .simple-links-list --><\/p>\n","protected":false},"excerpt":{"rendered":"<p>Clubs Photographes D\u00e9couverte Mat\u00e9riel Organismes et Partenaires<\/p>\n","protected":false},"author":79,"featured_media":0,"parent":0,"menu_order":30,"comment_status":"closed","ping_status":"closed","template":"","meta":{"ngg_post_thumbnail":0,"footnotes":""},"class_list":["post-227","page","type-page","status-publish","hentry"],"_links":{"self":[{"href":"https:\/\/photoclubibmca.fr\/WP\/wp-json\/wp\/v2\/pages\/227","targetHints":{"allow":["GET"]}}],"collection":[{"href":"https:\/\/photoclubibmca.fr\/WP\/wp-json\/wp\/v2\/pages"}],"about":[{"href":"https:\/\/photoclubibmca.fr\/WP\/wp-json\/wp\/v2\/types\/page"}],"author":[{"embeddable":true,"href":"https:\/\/photoclubibmca.fr\/WP\/wp-json\/wp\/v2\/users\/79"}],"replies":[{"embeddable":true,"href":"https:\/\/photoclubibmca.fr\/WP\/wp-json\/wp\/v2\/comments?post=227"}],"version-history":[{"count":3,"href":"https:\/\/photoclubibmca.fr\/WP\/wp-json\/wp\/v2\/pages\/227\/revisions"}],"predecessor-version":[{"id":17343,"href":"https:\/\/photoclubibmca.fr\/WP\/wp-json\/wp\/v2\/pages\/227\/revisions\/17343"}],"wp:attachment":[{"href":"https:\/\/photoclubibmca.fr\/WP\/wp-json\/wp\/v2\/media?parent=227"}],"curies":[{"name":"wp","href":"https:\/\/api.w.org\/{rel}","templated":true}]}}